{"id":5067,"date":"2024-03-05T16:37:59","date_gmt":"2024-03-05T15:37:59","guid":{"rendered":"http:\/\/www.associazione-apertamente.org\/m\/?page_id=5067"},"modified":"2025-07-09T20:49:53","modified_gmt":"2025-07-09T18:49:53","slug":"premio-roberto-visintin","status":"publish","type":"page","link":"http:\/\/www.associazione-apertamente.org\/m\/premio-roberto-visintin\/","title":{"rendered":"Premio Roberto Visintin"},"content":{"rendered":"\t\t<div data-elementor-type=\"wp-page\" data-elementor-id=\"5067\" class=\"elementor elementor-5067\" data-elementor-settings=\"[]\">\n\t\t\t<div class=\"elementor-inner\">\n\t\t\t\t<div class=\"elementor-section-wrap\">\n\t\t\t\t\t\t\t<section class=\"elementor-element elementor-element-6421332d elementor-section-boxed elementor-section-height-default elementor-section-height-default elementor-section elementor-top-section\" data-id=\"6421332d\" data-element_type=\"section\">\n\t\t\t\t\t\t<div class=\"elementor-container elementor-column-gap-default\">\n\t\t\t\t<div class=\"elementor-row\">\n\t\t\t\t<div class=\"elementor-element elementor-element-931faba elementor-column elementor-col-100 elementor-top-column\" data-id=\"931faba\" data-element_type=\"column\">\n\t\t\t<div class=\"elementor-column-wrap  elementor-element-populated\">\n\t\t\t\t\t<div class=\"elementor-widget-wrap\">\n\t\t\t\t<div class=\"elementor-element elementor-element-6de15280 elementor-widget elementor-widget-text-editor\" data-id=\"6de15280\" data-element_type=\"widget\" data-widget_type=\"text-editor.default\">\n\t\t\t\t<div class=\"elementor-widget-container\">\n\t\t\t\t\t<div class=\"elementor-text-editor elementor-clearfix\"><!-- wp:heading {\"level\":3} -->\n<h3><em>1\u00b0 edizione<\/em><strong> il Letargo degli orsi a Sarajevo di Matteo Femia<\/strong><\/h3>\n<!-- \/wp:heading --><!-- wp:image {\"id\":5068,\"width\":304,\"height\":472,\"sizeSlug\":\"large\"} -->\n<figure class=\"wp-block-image size-large is-resized\"><img loading=\"lazy\" class=\"wp-image-5068\" src=\"https:\/\/www.associazione-apertamente.org\/m\/wp-content\/uploads\/2024\/03\/orsi.jpg\" alt=\"\" width=\"304\" height=\"472\" srcset=\"http:\/\/www.associazione-apertamente.org\/m\/wp-content\/uploads\/2024\/03\/orsi.jpg 536w, http:\/\/www.associazione-apertamente.org\/m\/wp-content\/uploads\/2024\/03\/orsi-193x300.jpg 193w, http:\/\/www.associazione-apertamente.org\/m\/wp-content\/uploads\/2024\/03\/orsi-94x146.jpg 94w, http:\/\/www.associazione-apertamente.org\/m\/wp-content\/uploads\/2024\/03\/orsi-32x50.jpg 32w, http:\/\/www.associazione-apertamente.org\/m\/wp-content\/uploads\/2024\/03\/orsi-48x75.jpg 48w\" sizes=\"(max-width: 304px) 100vw, 304px\" \/><\/figure>\n<!-- \/wp:image --><!-- wp:paragraph -->\n<p>Una raccolta di racconti brevi e meno brevi dall&#8217;intersecazione innovativa e molto interessante. Ogni novella sembra essere parte di un insieme romanzesco che rincorre la storia e oltrepassa i tempi. &#8220;Il letargo degli orsi a Sarajevo&#8221; parla di pluralit\u00e0, mescolanze e migrazioni. Tutti fattori che hanno sempre contraddistinto territori in costante movimento: proprio come quelli descritti in queste pagine, dove nove storie di genti vissute tra confini veri e presunti vengono romanzate lungo tutto il corso del Novecento, attraverso quella linea sottile che unisce Friuli Venezia Giulia, Slovenia, Croazia e Bosnia. Frontiere in cui lingue e culture differenti da sempre convivono con armonia e con tenacia, o invero con difficolt\u00e0 e sofferenze, avvolte da una natura irrequieta proprio come i popoli che l&#8217;abitano.<\/p>\n<!-- \/wp:paragraph --><!-- wp:paragraph -->\n<p><strong>Matteo Femia<\/strong>, nato a Cormons (Gorizia), dove tuttora vive ha lavorato come giornalista pubblicista per varie testate e ora a Telefriuli. Recentemente ha pubblicato, sempre per lo stesso editore, il libroUn soffio di vento a Buenos Aires. L\u2019epopea di una famiglia tra Friuli, Balcani e Argentina<\/p>\n<!-- \/wp:paragraph --><!-- wp:separator --><hr class=\"wp-block-separator\" \/><!-- \/wp:separator --><!-- wp:heading {\"level\":3} -->\n<h3><em>2\u00b0 edizione<\/em>\u00a0 <strong>La sopravvissuta di Irma Hibert\u00a0\u00a0\u00a0\u00a0\u00a0 La cicala di Belgrado di Marina Lalovic<\/strong><\/h3>\n<!-- \/wp:heading --><!-- wp:paragraph -->\n<p>Irma &#8220;La sopravvissuta&#8221;, nasce nel 1980 a Sarajevo, citt\u00e0 che lascia nel luglio 1995 quando fugge a Trieste da sola, a pochi mesi dalla fine della guerra e dagli accordi di pace di Dayton. Una ragazzina che vede esplodere il proprio mondo, fatto di sicurezze e abitudini e sogni, e si trova catapultata all&#8217;improvviso in un quotidiano in cui anche le azioni pi\u00f9 comuni e banali diventano difficili e pericolose, con l&#8217;aggravante di non riuscire a capire le ragioni di quell&#8217;esplosione. Un quotidiano in cui le relazioni familiari e interpersonali in generale si modificano, si congelano e sembrano non rasserenarsi nemmeno dopo la fine del conflitto, a causa di un non ritorno alle proprie radici.<\/p>\n<!-- \/wp:paragraph --><!-- wp:image {\"id\":5074,\"width\":289,\"height\":450,\"sizeSlug\":\"large\"} -->\n<figure class=\"wp-block-image size-large is-resized\"><img loading=\"lazy\" class=\"wp-image-5074\" src=\"https:\/\/www.associazione-apertamente.org\/m\/wp-content\/uploads\/2024\/03\/cop-Hibert-edited.jpg\" alt=\"\" width=\"289\" height=\"450\" srcset=\"http:\/\/www.associazione-apertamente.org\/m\/wp-content\/uploads\/2024\/03\/cop-Hibert-edited.jpg 283w, http:\/\/www.associazione-apertamente.org\/m\/wp-content\/uploads\/2024\/03\/cop-Hibert-edited-193x300.jpg 193w, http:\/\/www.associazione-apertamente.org\/m\/wp-content\/uploads\/2024\/03\/cop-Hibert-edited-94x146.jpg 94w, http:\/\/www.associazione-apertamente.org\/m\/wp-content\/uploads\/2024\/03\/cop-Hibert-edited-32x50.jpg 32w, http:\/\/www.associazione-apertamente.org\/m\/wp-content\/uploads\/2024\/03\/cop-Hibert-edited-48x75.jpg 48w\" sizes=\"(max-width: 289px) 100vw, 289px\" \/><\/figure>\n<!-- \/wp:image --><!-- wp:paragraph -->\n<p><strong>Irma Hibert<\/strong>\u00a0 \u00e8 nata a Sarajevo nel 1980. Si trasferisce a Trieste durante la guerra civile in Bosnia. Laureata in lingue e letterature straniere, termina il suo percorso professionale con un master in Cultural Management e infine con un Dottorato di ricerca che riguarda la letteratura spagnola moderna e contemporanea presso l&#8217;Universit\u00e0 di Ljubljana. Ha lavorato come traduttrice, insegnato presso l&#8217;Universit\u00e0 di Trieste, ha pubblicato diversi articoli letterari e ha collaborato a numerosi progetti di carattere culturale.\u00a0La sopravvissuta, il suo primo libro, ha vinto due premi letterari: il premio narrativa &#8220;Roberto Visintin&#8221; di Sagrado, all&#8217;interno della rassegna\u00a0Il Libro delle 18.03, e il premio opera prima &#8220;Franco Loi&#8221; dell&#8217;associazione Pellasgo 968 a Grottammare.<\/p>\n<!-- \/wp:paragraph --><!-- wp:image {\"id\":5070,\"width\":290,\"height\":436,\"sizeSlug\":\"large\"} -->\n<figure class=\"wp-block-image size-large is-resized\"><img loading=\"lazy\" class=\"wp-image-5070\" src=\"https:\/\/www.associazione-apertamente.org\/m\/wp-content\/uploads\/2024\/03\/cicala.jpg\" alt=\"\" width=\"290\" height=\"436\" srcset=\"http:\/\/www.associazione-apertamente.org\/m\/wp-content\/uploads\/2024\/03\/cicala.jpg 536w, http:\/\/www.associazione-apertamente.org\/m\/wp-content\/uploads\/2024\/03\/cicala-200x300.jpg 200w, http:\/\/www.associazione-apertamente.org\/m\/wp-content\/uploads\/2024\/03\/cicala-97x146.jpg 97w, http:\/\/www.associazione-apertamente.org\/m\/wp-content\/uploads\/2024\/03\/cicala-33x50.jpg 33w, http:\/\/www.associazione-apertamente.org\/m\/wp-content\/uploads\/2024\/03\/cicala-50x75.jpg 50w\" sizes=\"(max-width: 290px) 100vw, 290px\" \/><\/figure>\n<!-- \/wp:image --><!-- wp:paragraph -->\n<p><strong>Marina Lalovic<\/strong> \u00e8 una giornalista serba nata a Belgrado nell\u2019ex Jugoslavia.Nel 2000 si trasferisce in Italia dove si laurea presso l\u2019Universit\u00e0 \u201cLa Sapienza\u201d in Editoria e Giornalismo. Ha lavorato come redattrice TV del Babzine, il Magazine settimanale di\u00a0Babel TV, canale 141 di Sky, dedicato alle questioni dell\u2019immigrazione in Italia. Era corrispondente da Roma per quotidiano serbo \u201cPolitika\u201d come anche per la radio-televisione serba, B92. Attualmente fa parte della redazione esteri di Rainews 24\u00a0e collabora con Radio3Mondo, Radio Rai 3, dove conduce la rassegna della stampa estera e gli approfondimenti del programma.<\/p>\n<!-- \/wp:paragraph --><!-- wp:separator --><hr class=\"wp-block-separator\" \/><!-- \/wp:separator --><!-- wp:heading {\"level\":3} -->\n<h3><em>3\u00b0 edizione\u00a0<\/em> <strong>La Germania s\u00ec che ha fatto i conti con il nazismo di Tommaso Speccher<\/strong><\/h3>\n<!-- \/wp:heading --><!-- wp:image {\"id\":5071,\"width\":316,\"height\":473,\"sizeSlug\":\"large\"} -->\n<figure class=\"wp-block-image size-large is-resized\"><img loading=\"lazy\" class=\"wp-image-5071\" src=\"https:\/\/www.associazione-apertamente.org\/m\/wp-content\/uploads\/2024\/03\/cop-Speccher-683x1024.jpg\" alt=\"\" width=\"316\" height=\"473\" srcset=\"http:\/\/www.associazione-apertamente.org\/m\/wp-content\/uploads\/2024\/03\/cop-Speccher-683x1024.jpg 683w, http:\/\/www.associazione-apertamente.org\/m\/wp-content\/uploads\/2024\/03\/cop-Speccher-200x300.jpg 200w, http:\/\/www.associazione-apertamente.org\/m\/wp-content\/uploads\/2024\/03\/cop-Speccher-768x1152.jpg 768w, http:\/\/www.associazione-apertamente.org\/m\/wp-content\/uploads\/2024\/03\/cop-Speccher-97x146.jpg 97w, http:\/\/www.associazione-apertamente.org\/m\/wp-content\/uploads\/2024\/03\/cop-Speccher-33x50.jpg 33w, http:\/\/www.associazione-apertamente.org\/m\/wp-content\/uploads\/2024\/03\/cop-Speccher-50x75.jpg 50w, http:\/\/www.associazione-apertamente.org\/m\/wp-content\/uploads\/2024\/03\/cop-Speccher.jpg 800w\" sizes=\"(max-width: 316px) 100vw, 316px\" \/><\/figure>\n<!-- \/wp:image --><!-- wp:paragraph -->\n<p>L\u2019Italia ha un problema aperto con la propria storia, dal fascismo agli anni \u02bc70. La Germania ci appare diversa, capace di affrontare l\u2019orrore del proprio passato nazista. Ma \u00e8 davvero cos\u00ec? Oppure anche per i tedeschi la battaglia per la memoria \u00e8 una battaglia, di giustizia e civilt\u00e0, per nulla scontata e sempre sotto attacco?<\/p>\n<!-- \/wp:paragraph --><!-- wp:paragraph -->\n<p><strong>Tommaso Speccher<\/strong>: Dottore di ricerca in filosofia contemporanea alla Freie Universit\u00e4t di\u00a0Berlino, si occupa dal 2008 di divulgazione storica, culturale e politica come responsabile di alcuni memoriali e musei\u00a0berlinesi. \u00c8 autore di monografie in lingua tedesca sui temi della memoria e del ventesimo secolo. L&#8217;ultima pubblicazione \u00e8 &#8220;La Germania s\u00ec che ha fatto i conti con il nazismo&#8221;, edito da Laterza.<\/p>\n<!-- \/wp:paragraph --><!-- wp:heading {\"level\":3} -->\n<h3><em>4\u00b0 edizione<\/em>\u00a0 <strong>&#8220;Nanda e io&#8221; di Enrico Rotelli<\/strong><\/h3>\n<!-- \/wp:heading --><!-- wp:image {\"id\":5114,\"sizeSlug\":\"large\"} -->\n<figure class=\"wp-block-image size-large\"><img loading=\"lazy\" class=\"wp-image-5114\" src=\"https:\/\/www.associazione-apertamente.org\/m\/wp-content\/uploads\/2024\/03\/nanda.jpg\" alt=\"\" width=\"316\" height=\"450\" srcset=\"http:\/\/www.associazione-apertamente.org\/m\/wp-content\/uploads\/2024\/03\/nanda.jpg 702w, http:\/\/www.associazione-apertamente.org\/m\/wp-content\/uploads\/2024\/03\/nanda-211x300.jpg 211w, http:\/\/www.associazione-apertamente.org\/m\/wp-content\/uploads\/2024\/03\/nanda-102x146.jpg 102w, http:\/\/www.associazione-apertamente.org\/m\/wp-content\/uploads\/2024\/03\/nanda-35x50.jpg 35w, http:\/\/www.associazione-apertamente.org\/m\/wp-content\/uploads\/2024\/03\/nanda-53x75.jpg 53w\" sizes=\"(max-width: 316px) 100vw, 316px\" \/><\/figure>\n<!-- \/wp:image --><!-- wp:paragraph -->\n<p>A Enrico Rotelli il Premio Roberto Visintin, quarta edizione: le motivazioni delle Commissione che ha valutato i lavori pervenuti all\u2019Associazione culturale Apertamente che organizza il Premio assieme alla Fondazione che porta il nome di Roberto. Segnalazione per il lavoro del goriziano P.L. Settomini, Il segreto di Nicoletta, nel quadro della valorizzazione delle istanze locali.La consegna del Premio a Rotelli avverr\u00e0 il 4 maggio, a Sagrado, nell\u2019ambito della rassegna letteraria Il libro delle 18.03.\u201c Enrico Rotelli con \u2018Nanda e io\u2019 (editore La nave di Teseo) ha raccontato con vivacit\u00e0, passione e stile gli anni trascorsi come assistente di Fernanda Pivano. Oltre all\u2019indubbio valore diaristico riguardo alla figura della Pivano, il racconto si segnala anche per un percorso molto personale di conoscenza della cultura americana\/statunitense. Lettura avvincente e scorrevole, con tratti scherzosi e ironici, che restituiscono a pieno l\u2019originale rapporto umano stabilito tra il giovane Rotelli e l\u2019anziana Pivano, vero monumento della letteratura italiana e americana insieme.\u201cNanda e io\u201d pu\u00f2 essere definito un romanzo di formazione capace di intrecciare sapientemente il genere della biografia con quello dell\u2019autobiografia. L\u2019autore conserva lo stupore di un giovane di provincia alle prese con una storia pi\u00f9 grande di s\u00e9 che gestisce e rimaneggia con grazia, sincerit\u00e0 e rispetto. Enrico Rotelli si addentra cos\u00ec anche nello spirito di un\u2019epoca, restituendo spiragli di altre decadi con una scrittura agile, sicura e allo stesso comunicativa ed efficace.La commissione non ha avuto quindi alcun dubbio a scegliere, fin da subito, il nome di Rotelli come vincitore di quest\u2019anno. Tuttavia, nel quadro della valorizzazione delle istanze locali, segnala il romanzo di P. L. Settomini, Il segreto di Nicoletta, che pur con carenze di cura editoriale, affronta con una certa originalit\u00e0 la storia di Gorizia nel primo Novecento \u201c.Marco Menato \u2013 Mario Brandolin \u2013 Emanuela Masseria<\/p>\n<!-- \/wp:paragraph --><!-- wp:paragraph -->\n<p>\u00a0<\/p>\n<!-- \/wp:paragraph --><!-- wp:heading {\"level\":3} -->\n<h3><em>5\u00b0 edizione<\/em>\u00a0 <strong>&#8220;Avere una brutta natura&#8221; di Gioia Salvatori<\/strong><\/h3>\n<!-- \/wp:heading --><!-- wp:image {\"id\":5830,\"sizeSlug\":\"large\"} -->\n<figure class=\"wp-block-image size-large\"><img loading=\"lazy\" class=\"wp-image-5830\" src=\"https:\/\/www.associazione-apertamente.org\/m\/wp-content\/uploads\/2025\/07\/gioiasalvatori-707x1024.jpg\" alt=\"\" width=\"309\" height=\"448\" srcset=\"http:\/\/www.associazione-apertamente.org\/m\/wp-content\/uploads\/2025\/07\/gioiasalvatori-707x1024.jpg 707w, http:\/\/www.associazione-apertamente.org\/m\/wp-content\/uploads\/2025\/07\/gioiasalvatori-207x300.jpg 207w, http:\/\/www.associazione-apertamente.org\/m\/wp-content\/uploads\/2025\/07\/gioiasalvatori-768x1112.jpg 768w, http:\/\/www.associazione-apertamente.org\/m\/wp-content\/uploads\/2025\/07\/gioiasalvatori-101x146.jpg 101w, http:\/\/www.associazione-apertamente.org\/m\/wp-content\/uploads\/2025\/07\/gioiasalvatori-35x50.jpg 35w, http:\/\/www.associazione-apertamente.org\/m\/wp-content\/uploads\/2025\/07\/gioiasalvatori-52x75.jpg 52w, http:\/\/www.associazione-apertamente.org\/m\/wp-content\/uploads\/2025\/07\/gioiasalvatori.jpg 1000w\" sizes=\"(max-width: 309px) 100vw, 309px\" \/><\/figure>\n<!-- \/wp:image --><!-- wp:paragraph -->\n<p>Gioia Salvatori, romana, \u00e8 attrice, autrice e conduttrice, scrive come drammaturga per il teatro e per la radio; \u00e8 coautrice e conduttrice del programma per Rai Radio3 \u201cLe ripetizioni\u201d. Conduce, con la filosofa Ilaria Gaspari, il programma Playbooks in onda su Raiplay. I suoi monologhi comici sono stati ospitati a Propaganda Live, Radio2 Social Club e, nell\u2019ultimo anno, ha partecipato al format comico teatrale di Serena Dandini \u201cVieni avanti, cretina!\u201d Dal 2012 ha un progetto web, \u00abCuoro\u00bb, che \u00e8 un contenitore di satira di costume oltre a uno spettacolo teatrale che si declina diversamente, di volta in volta, a seconda dei temi affrontati.La commissione che ha valutato i numerosi lavori pervenuti da importanti case editrici regionali e nazionali, \u00e8 composta da Emanuela Masseria, Presidente, Mario Brandolin e Marco Menato, ha cos\u00ec motivato la scelta: \u201cGioia Salvatori non ha scritto un romanzo &#8216;regolare&#8217; o &#8216;normale&#8217; che dir si voglia, anche se per esigenze editoriali cos\u00ec \u00e8 classificato in copertina ma non sul frontespizio: Avere una brutta natura, edito da Baldini Castoldi nel 2024. Sono fogli e sfoghi sparsi, raccolti sotto titoli improbabili di capitolo, che non sono poi nemmeno stati ordinati in un indice, dato che si possono gustare saltabeccando qua e l\u00e0, insomma lo zapping qui \u00e8 addirittura consigliato. La narratrice racconta o finge di raccontare a un Carlo qualsiasi le sue strane giornate, frenetiche, voraci, piene di luoghi comuni (le multe per esempio) usati per farsi beffa dei topos letterari. Lo fa con prosa e versi che immaginiamo cantati e che si mischiano, lingua spesso inventata, assurda, ironica e incendiaria, che \u00e8 quella della scena teatrale, e non certo dello scrittore paludato. \u00c8 un audiodiario, nel senso che andrebbe ascoltato e non letto, di giornate che sembrano normali ma che a un minimo accenno diventano surreali, catastrofiche, scombiccherate, impazzite come capita alla maionese, per chi non riesce a mantenere il ritmo del giro. Giornate tragicomiche in cui molte donne oggi potrebbero riconoscersi. Un compendio di fatti accidentali e accidentati che inciampano nell&#8217;emotivit\u00e0 dell&#8217;autrice e nella presenza-assenza di un ipotetico lui &#8220;fin troppo esperito&#8221;. Un percorso che si pu\u00f2 fare col sorriso, attraverso questa piccola &#8220;guida&#8221; attraverso quello che si potrebbe evitare o, forse, vivere con maggiore leggerezza\u201d.<\/p>\n<!-- \/wp:paragraph --><\/div>\n\t\t\t\t<\/div>\n\t\t\t\t<\/div>\n\t\t\t\t\t\t<\/div>\n\t\t\t<\/div>\n\t\t<\/div>\n\t\t\t\t\t\t<\/div>\n\t\t\t<\/div>\n\t\t<\/section>\n\t\t\t\t\t\t<\/div>\n\t\t\t<\/div>\n\t\t<\/div>\n\t\t","protected":false},"excerpt":{"rendered":"<p>1\u00b0 edizione il Letargo degli orsi a Sarajevo di Matteo Femia Una raccolta di racconti brevi e meno brevi dall&#8217;intersecazione innovativa e molto interessante. Ogni novella sembra essere parte di un insieme romanzesco che rincorre la storia e oltrepassa i tempi. &#8220;Il letargo degli orsi a Sarajevo&#8221; parla di pluralit\u00e0, mescolanze e migrazioni. Tutti fattori che hanno sempre contraddistinto territori in costante movimento: proprio come quelli descritti in queste pagine, dove nove storie di genti vissute tra confini veri e<span class=\"excerpt-hellip\"> [\u2026]<\/span><\/p>\n<div class=\"pvc_clear\"><\/div>\n<p class=\"pvc_stats total_only \" data-element-id=\"5067\" style=\"\"><i class=\"pvc-stats-icon large\" aria-hidden=\"true\"><svg aria-hidden=\"true\" focusable=\"false\" data-prefix=\"far\" data-icon=\"chart-bar\" role=\"img\" xmlns=\"http:\/\/www.w3.org\/2000\/svg\" viewBox=\"0 0 512 512\" class=\"svg-inline--fa fa-chart-bar fa-w-16 fa-2x\"><path fill=\"currentColor\" d=\"M396.8 352h22.4c6.4 0 12.8-6.4 12.8-12.8V108.8c0-6.4-6.4-12.8-12.8-12.8h-22.4c-6.4 0-12.8 6.4-12.8 12.8v230.4c0 6.4 6.4 12.8 12.8 12.8zm-192 0h22.4c6.4 0 12.8-6.4 12.8-12.8V140.8c0-6.4-6.4-12.8-12.8-12.8h-22.4c-6.4 0-12.8 6.4-12.8 12.8v198.4c0 6.4 6.4 12.8 12.8 12.8zm96 0h22.4c6.4 0 12.8-6.4 12.8-12.8V204.8c0-6.4-6.4-12.8-12.8-12.8h-22.4c-6.4 0-12.8 6.4-12.8 12.8v134.4c0 6.4 6.4 12.8 12.8 12.8zM496 400H48V80c0-8.84-7.16-16-16-16H16C7.16 64 0 71.16 0 80v336c0 17.67 14.33 32 32 32h464c8.84 0 16-7.16 16-16v-16c0-8.84-7.16-16-16-16zm-387.2-48h22.4c6.4 0 12.8-6.4 12.8-12.8v-70.4c0-6.4-6.4-12.8-12.8-12.8h-22.4c-6.4 0-12.8 6.4-12.8 12.8v70.4c0 6.4 6.4 12.8 12.8 12.8z\" class=\"\"><\/path><\/svg><\/i> Un milione e&nbsp;2,877&nbsp;persone hanno visitato questo sito<\/p>\n<div class=\"pvc_clear\"><\/div>\n","protected":false},"author":1,"featured_media":0,"parent":0,"menu_order":0,"comment_status":"closed","ping_status":"closed","template":"","meta":[],"_links":{"self":[{"href":"http:\/\/www.associazione-apertamente.org\/m\/wp-json\/wp\/v2\/pages\/5067"}],"collection":[{"href":"http:\/\/www.associazione-apertamente.org\/m\/wp-json\/wp\/v2\/pages"}],"about":[{"href":"http:\/\/www.associazione-apertamente.org\/m\/wp-json\/wp\/v2\/types\/page"}],"author":[{"embeddable":true,"href":"http:\/\/www.associazione-apertamente.org\/m\/wp-json\/wp\/v2\/users\/1"}],"replies":[{"embeddable":true,"href":"http:\/\/www.associazione-apertamente.org\/m\/wp-json\/wp\/v2\/comments?post=5067"}],"version-history":[{"count":6,"href":"http:\/\/www.associazione-apertamente.org\/m\/wp-json\/wp\/v2\/pages\/5067\/revisions"}],"predecessor-version":[{"id":5833,"href":"http:\/\/www.associazione-apertamente.org\/m\/wp-json\/wp\/v2\/pages\/5067\/revisions\/5833"}],"wp:attachment":[{"href":"http:\/\/www.associazione-apertamente.org\/m\/wp-json\/wp\/v2\/media?parent=5067"}],"curies":[{"name":"wp","href":"https:\/\/api.w.org\/{rel}","templated":true}]}}